{"id":90007,"date":"2026-04-09T10:06:54","date_gmt":"2026-04-09T10:06:54","guid":{"rendered":"https:\/\/mueble4you.com\/productos\/set-sofa-esquinero-con-cojin-zelmar\/"},"modified":"2026-04-10T10:33:23","modified_gmt":"2026-04-10T10:33:23","slug":"set-sofa-esquinero-con-cojin-zelmar","status":"publish","type":"product","link":"https:\/\/mueble4you.com\/fr\/productos\/set-sofa-esquinero-con-cojin-zelmar\/","title":{"rendered":"ENSEMBLE CANAP\u00c9 D&rsquo;ANGLE AVEC COUSSIN ZELMAR."},"content":{"rendered":"<ul>\n<li id=\"tw-target-text\" class=\"tw-data-text tw-text-large tw-ta\" dir=\"ltr\" tabindex=\"-1\" role=\"text\" data-placeholder=\"Traducci\u00f3n\" aria-label=\"Texto traducido: ENSEMBLE CANAP\u00c9 D'ANGLE AVEC COUSSIN ZELMAR.\nCADRE EN ALUMINIUM ENDUIT DE POUDRE (POLYESTER).\nC\u00d4T\u00c9S DU CANAP\u00c9 ET PLATEAU DE TABLE CENTRALE EN ALUMINIUM VERNI EFFET BOIS.\nCOUSSIN D'ASSISE ET DE DOSSIER AVEC HOUSSE AMOVIBLE EN TISSU HYDROFUGE OL\u00c9FINE (100% POLYPROPYL\u00c8NE).\nVIS EN ACIER INOXYDABLE.\nPIEDS R\u00c9GLABLES.\nMESURES DES COINS\u00a0: 243,5CMX243,5CM.\nMESURES DE LA TABLE: 72X72X41CM.\" data-ved=\"2ahUKEwiWto6KiOOTAxVlnycCHXZNACQQ3ewLegQIFBAV\"><span class=\"Y2IQFc\" lang=\"fr\">CADRE EN ALUMINIUM ENDUIT DE POUDRE (POLYESTER). <\/span><\/li>\n<li class=\"tw-data-text tw-text-large tw-ta\" dir=\"ltr\" tabindex=\"-1\" role=\"text\" data-placeholder=\"Traducci\u00f3n\" aria-label=\"Texto traducido: ENSEMBLE CANAP\u00c9 D'ANGLE AVEC COUSSIN ZELMAR.\nCADRE EN ALUMINIUM ENDUIT DE POUDRE (POLYESTER).\nC\u00d4T\u00c9S DU CANAP\u00c9 ET PLATEAU DE TABLE CENTRALE EN ALUMINIUM VERNI EFFET BOIS.\nCOUSSIN D'ASSISE ET DE DOSSIER AVEC HOUSSE AMOVIBLE EN TISSU HYDROFUGE OL\u00c9FINE (100% POLYPROPYL\u00c8NE).\nVIS EN ACIER INOXYDABLE.\nPIEDS R\u00c9GLABLES.\nMESURES DES COINS\u00a0: 243,5CMX243,5CM.\nMESURES DE LA TABLE: 72X72X41CM.\" data-ved=\"2ahUKEwiWto6KiOOTAxVlnycCHXZNACQQ3ewLegQIFBAV\"><span class=\"Y2IQFc\" lang=\"fr\">C\u00d4T\u00c9S DU CANAP\u00c9 ET PLATEAU DE TABLE CENTRALE EN ALUMINIUM VERNI EFFET BOIS.<\/span><\/li>\n<li class=\"tw-data-text tw-text-large tw-ta\" dir=\"ltr\" tabindex=\"-1\" role=\"text\" data-placeholder=\"Traducci\u00f3n\" aria-label=\"Texto traducido: ENSEMBLE CANAP\u00c9 D'ANGLE AVEC COUSSIN ZELMAR.\nCADRE EN ALUMINIUM ENDUIT DE POUDRE (POLYESTER).\nC\u00d4T\u00c9S DU CANAP\u00c9 ET PLATEAU DE TABLE CENTRALE EN ALUMINIUM VERNI EFFET BOIS.\nCOUSSIN D'ASSISE ET DE DOSSIER AVEC HOUSSE AMOVIBLE EN TISSU HYDROFUGE OL\u00c9FINE (100% POLYPROPYL\u00c8NE).\nVIS EN ACIER INOXYDABLE.\nPIEDS R\u00c9GLABLES.\nMESURES DES COINS\u00a0: 243,5CMX243,5CM.\nMESURES DE LA TABLE: 72X72X41CM.\" data-ved=\"2ahUKEwiWto6KiOOTAxVlnycCHXZNACQQ3ewLegQIFBAV\"><span class=\"Y2IQFc\" lang=\"fr\">COUSSIN D&rsquo;ASSISE ET DE DOSSIER AVEC HOUSSE AMOVIBLE EN TISSU HYDROFUGE OL\u00c9FINE (100% POLYPROPYL\u00c8NE). <\/span><\/li>\n<li class=\"tw-data-text tw-text-large tw-ta\" dir=\"ltr\" tabindex=\"-1\" role=\"text\" data-placeholder=\"Traducci\u00f3n\" aria-label=\"Texto traducido: ENSEMBLE CANAP\u00c9 D'ANGLE AVEC COUSSIN ZELMAR.\nCADRE EN ALUMINIUM ENDUIT DE POUDRE (POLYESTER).\nC\u00d4T\u00c9S DU CANAP\u00c9 ET PLATEAU DE TABLE CENTRALE EN ALUMINIUM VERNI EFFET BOIS.\nCOUSSIN D'ASSISE ET DE DOSSIER AVEC HOUSSE AMOVIBLE EN TISSU HYDROFUGE OL\u00c9FINE (100% POLYPROPYL\u00c8NE).\nVIS EN ACIER INOXYDABLE.\nPIEDS R\u00c9GLABLES.\nMESURES DES COINS\u00a0: 243,5CMX243,5CM.\nMESURES DE LA TABLE: 72X72X41CM.\" data-ved=\"2ahUKEwiWto6KiOOTAxVlnycCHXZNACQQ3ewLegQIFBAV\"><span class=\"Y2IQFc\" lang=\"fr\">VIS EN ACIER INOXYDABLE. <\/span><\/li>\n<li class=\"tw-data-text tw-text-large tw-ta\" dir=\"ltr\" tabindex=\"-1\" role=\"text\" data-placeholder=\"Traducci\u00f3n\" aria-label=\"Texto traducido: ENSEMBLE CANAP\u00c9 D'ANGLE AVEC COUSSIN ZELMAR.\nCADRE EN ALUMINIUM ENDUIT DE POUDRE (POLYESTER).\nC\u00d4T\u00c9S DU CANAP\u00c9 ET PLATEAU DE TABLE CENTRALE EN ALUMINIUM VERNI EFFET BOIS.\nCOUSSIN D'ASSISE ET DE DOSSIER AVEC HOUSSE AMOVIBLE EN TISSU HYDROFUGE OL\u00c9FINE (100% POLYPROPYL\u00c8NE).\nVIS EN ACIER INOXYDABLE.\nPIEDS R\u00c9GLABLES.\nMESURES DES COINS\u00a0: 243,5CMX243,5CM.\nMESURES DE LA TABLE: 72X72X41CM.\" data-ved=\"2ahUKEwiWto6KiOOTAxVlnycCHXZNACQQ3ewLegQIFBAV\"><span class=\"Y2IQFc\" lang=\"fr\">PIEDS R\u00c9GLABLES. <\/span><\/li>\n<li class=\"tw-data-text tw-text-large tw-ta\" dir=\"ltr\" tabindex=\"-1\" role=\"text\" data-placeholder=\"Traducci\u00f3n\" aria-label=\"Texto traducido: ENSEMBLE CANAP\u00c9 D'ANGLE AVEC COUSSIN ZELMAR.\nCADRE EN ALUMINIUM ENDUIT DE POUDRE (POLYESTER).\nC\u00d4T\u00c9S DU CANAP\u00c9 ET PLATEAU DE TABLE CENTRALE EN ALUMINIUM VERNI EFFET BOIS.\nCOUSSIN D'ASSISE ET DE DOSSIER AVEC HOUSSE AMOVIBLE EN TISSU HYDROFUGE OL\u00c9FINE (100% POLYPROPYL\u00c8NE).\nVIS EN ACIER INOXYDABLE.\nPIEDS R\u00c9GLABLES.\nMESURES DES COINS\u00a0: 243,5CMX243,5CM.\nMESURES DE LA TABLE: 72X72X41CM.\" data-ved=\"2ahUKEwiWto6KiOOTAxVlnycCHXZNACQQ3ewLegQIFBAV\"><span class=\"Y2IQFc\" lang=\"fr\">MESURES DES COINS : 243,5CMX243,5CM.<\/span><\/li>\n<li class=\"tw-data-text tw-text-large tw-ta\" dir=\"ltr\" tabindex=\"-1\" role=\"text\" data-placeholder=\"Traducci\u00f3n\" aria-label=\"Texto traducido: ENSEMBLE CANAP\u00c9 D'ANGLE AVEC COUSSIN ZELMAR.\nCADRE EN ALUMINIUM ENDUIT DE POUDRE (POLYESTER).\nC\u00d4T\u00c9S DU CANAP\u00c9 ET PLATEAU DE TABLE CENTRALE EN ALUMINIUM VERNI EFFET BOIS.\nCOUSSIN D'ASSISE ET DE DOSSIER AVEC HOUSSE AMOVIBLE EN TISSU HYDROFUGE OL\u00c9FINE (100% POLYPROPYL\u00c8NE).\nVIS EN ACIER INOXYDABLE.\nPIEDS R\u00c9GLABLES.\nMESURES DES COINS\u00a0: 243,5CMX243,5CM.\nMESURES DE LA TABLE: 72X72X41CM.\" data-ved=\"2ahUKEwiWto6KiOOTAxVlnycCHXZNACQQ3ewLegQIFBAV\"><span class=\"Y2IQFc\" lang=\"fr\">MESURES DE LA TABLE: 72X72X41CM.<\/span><\/li>\n<\/ul>\n","protected":false},"excerpt":{"rendered":"<p>CADRE EN ALUMINIUM ENDUIT DE POUDRE (POLYESTER). C\u00d4T\u00c9S DU CANAP\u00c9 ET PLATEAU DE TABLE CENTRALE EN ALUMINIUM VERNI EFFET BOIS. COUSSIN D&rsquo;ASSISE ET DE DOSSIER AVEC HOUSSE AMOVIBLE EN TISSU HYDROFUGE OL\u00c9FINE (100% POLYPROPYL\u00c8NE). VIS EN ACIER INOXYDABLE. PIEDS R\u00c9GLABLES. MESURES DES COINS : 243,5CMX243,5CM. MESURES DE LA TABLE: 72X72X41CM.<\/p>\n","protected":false},"featured_media":90008,"template":"","meta":[],"product_brand":[],"product_cat":[312,304],"product_tag":[],"class_list":{"0":"post-90007","1":"product","2":"type-product","3":"status-publish","4":"has-post-thumbnail","6":"product_cat-ensemble-de-sofas-et-de-tables","7":"product_cat-jardin-et-exterieur","9":"first","10":"instock","11":"shipping-taxable","12":"product-type-simple"},"yoast_head":"<!-- This site is optimized with the Yoast SEO plugin v27.3 - https:\/\/yoast.com\/product\/yoast-seo-wordpress\/ -->\n<title>ENSEMBLE CANAP\u00c9 D&#039;ANGLE AVEC COUSSIN ZELMAR. | mueble4you<\/title>\n<meta name=\"robots\" content=\"index, follow, max-snippet:-1, max-image-preview:large, max-video-preview:-1\" \/>\n<link rel=\"canonical\" href=\"https:\/\/mueble4you.com\/fr\/productos\/set-sofa-esquinero-con-cojin-zelmar\/\" \/>\n<meta property=\"og:locale\" content=\"fr_FR\" \/>\n<meta property=\"og:type\" content=\"article\" \/>\n<meta property=\"og:title\" content=\"ENSEMBLE CANAP\u00c9 D&#039;ANGLE AVEC COUSSIN ZELMAR. | mueble4you\" \/>\n<meta property=\"og:description\" content=\"CADRE EN ALUMINIUM ENDUIT DE POUDRE (POLYESTER). C\u00d4T\u00c9S DU CANAP\u00c9 ET PLATEAU DE TABLE CENTRALE EN ALUMINIUM VERNI EFFET BOIS. COUSSIN D&rsquo;ASSISE ET DE DOSSIER AVEC HOUSSE AMOVIBLE EN TISSU HYDROFUGE OL\u00c9FINE (100% POLYPROPYL\u00c8NE). VIS EN ACIER INOXYDABLE. PIEDS R\u00c9GLABLES. MESURES DES COINS : 243,5CMX243,5CM. MESURES DE LA TABLE: 72X72X41CM.\" \/>\n<meta property=\"og:url\" content=\"https:\/\/mueble4you.com\/fr\/productos\/set-sofa-esquinero-con-cojin-zelmar\/\" \/>\n<meta property=\"og:site_name\" content=\"mueble4you\" \/>\n<meta property=\"article:modified_time\" content=\"2026-04-10T10:33:23+00:00\" \/>\n<meta property=\"og:image\" content=\"https:\/\/mueble4you.com\/wp-content\/uploads\/2026\/04\/Captura-de-pantalla-2026-04-09-110313.png\" \/>\n\t<meta property=\"og:image:width\" content=\"1467\" \/>\n\t<meta property=\"og:image:height\" content=\"851\" \/>\n\t<meta property=\"og:image:type\" content=\"image\/png\" \/>\n<meta name=\"twitter:card\" content=\"summary_large_image\" \/>\n<script type=\"application\/ld+json\" class=\"yoast-schema-graph\">{\"@context\":\"https:\\\/\\\/schema.org\",\"@graph\":[{\"@type\":\"WebPage\",\"@id\":\"https:\\\/\\\/mueble4you.com\\\/fr\\\/productos\\\/set-sofa-esquinero-con-cojin-zelmar\\\/\",\"url\":\"https:\\\/\\\/mueble4you.com\\\/fr\\\/productos\\\/set-sofa-esquinero-con-cojin-zelmar\\\/\",\"name\":\"ENSEMBLE CANAP\u00c9 D'ANGLE AVEC COUSSIN ZELMAR. | mueble4you\",\"isPartOf\":{\"@id\":\"https:\\\/\\\/mueble4you.com\\\/#website\"},\"primaryImageOfPage\":{\"@id\":\"https:\\\/\\\/mueble4you.com\\\/fr\\\/productos\\\/set-sofa-esquinero-con-cojin-zelmar\\\/#primaryimage\"},\"image\":{\"@id\":\"https:\\\/\\\/mueble4you.com\\\/fr\\\/productos\\\/set-sofa-esquinero-con-cojin-zelmar\\\/#primaryimage\"},\"thumbnailUrl\":\"https:\\\/\\\/mueble4you.com\\\/wp-content\\\/uploads\\\/2026\\\/04\\\/Captura-de-pantalla-2026-04-09-110313.png\",\"datePublished\":\"2026-04-09T10:06:54+00:00\",\"dateModified\":\"2026-04-10T10:33:23+00:00\",\"breadcrumb\":{\"@id\":\"https:\\\/\\\/mueble4you.com\\\/fr\\\/productos\\\/set-sofa-esquinero-con-cojin-zelmar\\\/#breadcrumb\"},\"inLanguage\":\"fr-FR\",\"potentialAction\":[{\"@type\":\"ReadAction\",\"target\":[\"https:\\\/\\\/mueble4you.com\\\/fr\\\/productos\\\/set-sofa-esquinero-con-cojin-zelmar\\\/\"]}]},{\"@type\":\"ImageObject\",\"inLanguage\":\"fr-FR\",\"@id\":\"https:\\\/\\\/mueble4you.com\\\/fr\\\/productos\\\/set-sofa-esquinero-con-cojin-zelmar\\\/#primaryimage\",\"url\":\"https:\\\/\\\/mueble4you.com\\\/wp-content\\\/uploads\\\/2026\\\/04\\\/Captura-de-pantalla-2026-04-09-110313.png\",\"contentUrl\":\"https:\\\/\\\/mueble4you.com\\\/wp-content\\\/uploads\\\/2026\\\/04\\\/Captura-de-pantalla-2026-04-09-110313.png\",\"width\":1467,\"height\":851},{\"@type\":\"BreadcrumbList\",\"@id\":\"https:\\\/\\\/mueble4you.com\\\/fr\\\/productos\\\/set-sofa-esquinero-con-cojin-zelmar\\\/#breadcrumb\",\"itemListElement\":[{\"@type\":\"ListItem\",\"position\":1,\"name\":\"Portada\",\"item\":\"https:\\\/\\\/mueble4you.com\\\/fr\\\/\"},{\"@type\":\"ListItem\",\"position\":2,\"name\":\"Productos\",\"item\":\"https:\\\/\\\/mueble4you.com\\\/productos\\\/\"},{\"@type\":\"ListItem\",\"position\":3,\"name\":\"ENSEMBLE CANAP\u00c9 D&#8217;ANGLE AVEC COUSSIN ZELMAR.\"}]},{\"@type\":\"WebSite\",\"@id\":\"https:\\\/\\\/mueble4you.com\\\/#website\",\"url\":\"https:\\\/\\\/mueble4you.com\\\/\",\"name\":\"mueble4you\",\"description\":\"Meubles \u00e0 Tenerife\",\"potentialAction\":[{\"@type\":\"SearchAction\",\"target\":{\"@type\":\"EntryPoint\",\"urlTemplate\":\"https:\\\/\\\/mueble4you.com\\\/?s={search_term_string}\"},\"query-input\":{\"@type\":\"PropertyValueSpecification\",\"valueRequired\":true,\"valueName\":\"search_term_string\"}}],\"inLanguage\":\"fr-FR\"}]}<\/script>\n<!-- \/ Yoast SEO plugin. -->","yoast_head_json":{"title":"ENSEMBLE CANAP\u00c9 D'ANGLE AVEC COUSSIN ZELMAR. | mueble4you","robots":{"index":"index","follow":"follow","max-snippet":"max-snippet:-1","max-image-preview":"max-image-preview:large","max-video-preview":"max-video-preview:-1"},"canonical":"https:\/\/mueble4you.com\/fr\/productos\/set-sofa-esquinero-con-cojin-zelmar\/","og_locale":"fr_FR","og_type":"article","og_title":"ENSEMBLE CANAP\u00c9 D'ANGLE AVEC COUSSIN ZELMAR. | mueble4you","og_description":"CADRE EN ALUMINIUM ENDUIT DE POUDRE (POLYESTER). C\u00d4T\u00c9S DU CANAP\u00c9 ET PLATEAU DE TABLE CENTRALE EN ALUMINIUM VERNI EFFET BOIS. COUSSIN D&rsquo;ASSISE ET DE DOSSIER AVEC HOUSSE AMOVIBLE EN TISSU HYDROFUGE OL\u00c9FINE (100% POLYPROPYL\u00c8NE). VIS EN ACIER INOXYDABLE. PIEDS R\u00c9GLABLES. MESURES DES COINS : 243,5CMX243,5CM. MESURES DE LA TABLE: 72X72X41CM.","og_url":"https:\/\/mueble4you.com\/fr\/productos\/set-sofa-esquinero-con-cojin-zelmar\/","og_site_name":"mueble4you","article_modified_time":"2026-04-10T10:33:23+00:00","og_image":[{"width":1467,"height":851,"url":"https:\/\/mueble4you.com\/wp-content\/uploads\/2026\/04\/Captura-de-pantalla-2026-04-09-110313.png","type":"image\/png"}],"twitter_card":"summary_large_image","schema":{"@context":"https:\/\/schema.org","@graph":[{"@type":"WebPage","@id":"https:\/\/mueble4you.com\/fr\/productos\/set-sofa-esquinero-con-cojin-zelmar\/","url":"https:\/\/mueble4you.com\/fr\/productos\/set-sofa-esquinero-con-cojin-zelmar\/","name":"ENSEMBLE CANAP\u00c9 D'ANGLE AVEC COUSSIN ZELMAR. | mueble4you","isPartOf":{"@id":"https:\/\/mueble4you.com\/#website"},"primaryImageOfPage":{"@id":"https:\/\/mueble4you.com\/fr\/productos\/set-sofa-esquinero-con-cojin-zelmar\/#primaryimage"},"image":{"@id":"https:\/\/mueble4you.com\/fr\/productos\/set-sofa-esquinero-con-cojin-zelmar\/#primaryimage"},"thumbnailUrl":"https:\/\/mueble4you.com\/wp-content\/uploads\/2026\/04\/Captura-de-pantalla-2026-04-09-110313.png","datePublished":"2026-04-09T10:06:54+00:00","dateModified":"2026-04-10T10:33:23+00:00","breadcrumb":{"@id":"https:\/\/mueble4you.com\/fr\/productos\/set-sofa-esquinero-con-cojin-zelmar\/#breadcrumb"},"inLanguage":"fr-FR","potentialAction":[{"@type":"ReadAction","target":["https:\/\/mueble4you.com\/fr\/productos\/set-sofa-esquinero-con-cojin-zelmar\/"]}]},{"@type":"ImageObject","inLanguage":"fr-FR","@id":"https:\/\/mueble4you.com\/fr\/productos\/set-sofa-esquinero-con-cojin-zelmar\/#primaryimage","url":"https:\/\/mueble4you.com\/wp-content\/uploads\/2026\/04\/Captura-de-pantalla-2026-04-09-110313.png","contentUrl":"https:\/\/mueble4you.com\/wp-content\/uploads\/2026\/04\/Captura-de-pantalla-2026-04-09-110313.png","width":1467,"height":851},{"@type":"BreadcrumbList","@id":"https:\/\/mueble4you.com\/fr\/productos\/set-sofa-esquinero-con-cojin-zelmar\/#breadcrumb","itemListElement":[{"@type":"ListItem","position":1,"name":"Portada","item":"https:\/\/mueble4you.com\/fr\/"},{"@type":"ListItem","position":2,"name":"Productos","item":"https:\/\/mueble4you.com\/productos\/"},{"@type":"ListItem","position":3,"name":"ENSEMBLE CANAP\u00c9 D&#8217;ANGLE AVEC COUSSIN ZELMAR."}]},{"@type":"WebSite","@id":"https:\/\/mueble4you.com\/#website","url":"https:\/\/mueble4you.com\/","name":"mueble4you","description":"Meubles \u00e0 Tenerife","potentialAction":[{"@type":"SearchAction","target":{"@type":"EntryPoint","urlTemplate":"https:\/\/mueble4you.com\/?s={search_term_string}"},"query-input":{"@type":"PropertyValueSpecification","valueRequired":true,"valueName":"search_term_string"}}],"inLanguage":"fr-FR"}]}},"_links":{"self":[{"href":"https:\/\/mueble4you.com\/fr\/wp-json\/wp\/v2\/product\/90007","targetHints":{"allow":["GET"]}}],"collection":[{"href":"https:\/\/mueble4you.com\/fr\/wp-json\/wp\/v2\/product"}],"about":[{"href":"https:\/\/mueble4you.com\/fr\/wp-json\/wp\/v2\/types\/product"}],"wp:featuredmedia":[{"embeddable":true,"href":"https:\/\/mueble4you.com\/fr\/wp-json\/wp\/v2\/media\/90008"}],"wp:attachment":[{"href":"https:\/\/mueble4you.com\/fr\/wp-json\/wp\/v2\/media?parent=90007"}],"wp:term":[{"taxonomy":"product_brand","embeddable":true,"href":"https:\/\/mueble4you.com\/fr\/wp-json\/wp\/v2\/product_brand?post=90007"},{"taxonomy":"product_cat","embeddable":true,"href":"https:\/\/mueble4you.com\/fr\/wp-json\/wp\/v2\/product_cat?post=90007"},{"taxonomy":"product_tag","embeddable":true,"href":"https:\/\/mueble4you.com\/fr\/wp-json\/wp\/v2\/product_tag?post=90007"}],"curies":[{"name":"wp","href":"https:\/\/api.w.org\/{rel}","templated":true}]}}